{"id":149,"date":"2022-12-27T19:57:34","date_gmt":"2022-12-27T22:57:34","guid":{"rendered":"https:\/\/triplexvermelho.praxis.pro.br\/?page_id=149"},"modified":"2023-03-12T10:50:20","modified_gmt":"2023-03-12T13:50:20","slug":"sala-mauricio-de-oliveira","status":"publish","type":"page","link":"https:\/\/triplexvermelho.praxis.pro.br\/index.php\/sala-mauricio-de-oliveira\/","title":{"rendered":"Sala &#8220;Maur\u00edcio de Oliveira&#8221;"},"content":{"rendered":"<div id=\"attachment_150\" style=\"width: 270px\" class=\"wp-caption aligncenter\"><img loading=\"lazy\" decoding=\"async\" aria-describedby=\"caption-attachment-150\" class=\"wp-image-150 size-full\" src=\"https:\/\/triplexvermelho.praxis.pro.br\/wp-content\/uploads\/2022\/12\/4dcc4b86-09e4-474a-b989-e20ab3eb5b16.jpeg\" alt=\"\" width=\"260\" height=\"194\" \/><p id=\"caption-attachment-150\" class=\"wp-caption-text\">Maur\u00edcio de Oliveira<\/p><\/div>\n<p>Maur\u00edcio de Oliveira (Vit\u00f3ria, 1925 \u2014 2009) era filho de pescador e passou sua inf\u00e2ncia na regi\u00e3o da Praia do Su\u00e1, onde j\u00e1 come\u00e7ou a se dedicar \u00e0 m\u00fasica atrav\u00e9s do aprendizado do viol\u00e3o com seu irm\u00e3o mais velho.<\/p>\n<p>Em 1952, lan\u00e7ou sua primeira obra, o \u201cCompacto simples\u201d, com as m\u00fasicas \u201cArdiloso\u201d e \u201cEsplanada\u201d, por uma gravadora capixaba.<\/p>\n<p>Considerado um grande violonista brasileiro tem uma vasta obra que conta com aproximadamente duas dezenas de discos, com destaque para um \u00e1lbum que gravou, em 1967, pela Odeon\/London, interpretando Villa Lobos, contendo os Estudos, Prel\u00fadios e a Su\u00edte Popular Brasileira.<\/p>\n<p>No decorrer de sua vida art\u00edstica, recebeu diversos pr\u00eamios, entre eles, o 2\u00ba lugar no Festival Internacional do Viol\u00e3o, em 1955, em Vars\u00f3via, al\u00e9m de um pr\u00eamio da Funda\u00e7\u00e3o Cultural do Esp\u00edrito Santo, por sua contribui\u00e7\u00e3o ao desenvolvimento da m\u00fasica capixaba.<\/p>\n<p>Foi professor de viol\u00e3o e diretor da Escola de M\u00fasica do Esp\u00edrito Santo, sendo considerado o mestre de v\u00e1rios \u201cchor\u00f5es\u201d da cidade de Vit\u00f3ria e uma das personalidades mais importantes na hist\u00f3ria da m\u00fasica popular do Esp\u00edrito Santo. \u00c9 autor de obras como a \u201cDan\u00e7a do Chico Prego\u201d, homenagem ao personagem Capixaba e Can\u00e7\u00e3o da Paz e, em 2006, recebeu o Pr\u00eamio \u201cTaru\u201d (voc\u00e1bulo de origem ind\u00edgena que significa lua), criado pelo artista pl\u00e1stico Nena.<\/p>\n<p>Apresentou, em 2008, os primeiros sintomas do Mal de Alzheimer, vindo a falecer em Vit\u00f3ria em 1\u00ba de setembro de 2009.<\/p>\n<p>Logo ap\u00f3s seu falecimento, em sua homenagem, a Faculdade de M\u00fasica do Esp\u00edrito Santo passou a se chamar Faculdade de M\u00fasica do Esp\u00edrito Santo \u201cMaur\u00edcio de Oliveira\u201d e, em 2010, foi institu\u00edda por meio de decreto municipal a \u201cComenda Maur\u00edcio de Oliveira\u201d, criada como forma de reconhecimento e gratid\u00e3o \u00e0 obra do maestro.<\/p>\n<p>Em 2016, foi eternizado na sua cidade natal com um monumento em bronze do escultor Fernando Poletti, na Praia de Camburi.<\/p>\n","protected":false},"excerpt":{"rendered":"<p>Maur\u00edcio de Oliveira (Vit\u00f3ria, 1925 \u2014 2009) era filho de pescador e passou sua inf\u00e2ncia na regi\u00e3o da Praia do Su\u00e1, onde j\u00e1 come\u00e7ou a se dedicar \u00e0 m\u00fasica atrav\u00e9s do aprendizado do viol\u00e3o com seu irm\u00e3o mais velho. Em 1952, lan\u00e7ou sua primeira obra, o \u201cCompacto simples\u201d, com as m\u00fasicas \u201cArdiloso\u201d e \u201cEsplanada\u201d, por <a class=\"more-link\" href=\"https:\/\/triplexvermelho.praxis.pro.br\/index.php\/sala-mauricio-de-oliveira\/\">Leia mais&#8230; &raquo;<\/a><\/p>\n","protected":false},"author":1,"featured_media":150,"parent":0,"menu_order":0,"comment_status":"closed","ping_status":"closed","template":"","meta":{"footnotes":""},"class_list":["post-149","page","type-page","status-publish","has-post-thumbnail","hentry"],"_links":{"self":[{"href":"https:\/\/triplexvermelho.praxis.pro.br\/index.php\/wp-json\/wp\/v2\/pages\/149","targetHints":{"allow":["GET"]}}],"collection":[{"href":"https:\/\/triplexvermelho.praxis.pro.br\/index.php\/wp-json\/wp\/v2\/pages"}],"about":[{"href":"https:\/\/triplexvermelho.praxis.pro.br\/index.php\/wp-json\/wp\/v2\/types\/page"}],"author":[{"embeddable":true,"href":"https:\/\/triplexvermelho.praxis.pro.br\/index.php\/wp-json\/wp\/v2\/users\/1"}],"replies":[{"embeddable":true,"href":"https:\/\/triplexvermelho.praxis.pro.br\/index.php\/wp-json\/wp\/v2\/comments?post=149"}],"version-history":[{"count":4,"href":"https:\/\/triplexvermelho.praxis.pro.br\/index.php\/wp-json\/wp\/v2\/pages\/149\/revisions"}],"predecessor-version":[{"id":471,"href":"https:\/\/triplexvermelho.praxis.pro.br\/index.php\/wp-json\/wp\/v2\/pages\/149\/revisions\/471"}],"wp:featuredmedia":[{"embeddable":true,"href":"https:\/\/triplexvermelho.praxis.pro.br\/index.php\/wp-json\/wp\/v2\/media\/150"}],"wp:attachment":[{"href":"https:\/\/triplexvermelho.praxis.pro.br\/index.php\/wp-json\/wp\/v2\/media?parent=149"}],"curies":[{"name":"wp","href":"https:\/\/api.w.org\/{rel}","templated":true}]}}